{"id":775,"date":"2023-12-07T11:18:57","date_gmt":"2023-12-07T11:18:57","guid":{"rendered":"https:\/\/vonandersonrealestate.com\/?post_type=properties&#038;p=775"},"modified":"2024-02-06T14:39:13","modified_gmt":"2024-02-06T14:39:13","slug":"quality-villa-building-license-va1019","status":"publish","type":"properties","link":"https:\/\/vonandersonrealestate.com\/fr\/properties\/quality-villa-building-license-va1019\/","title":{"rendered":"Villa de qualit\u00e9 de 4 chambres offrant un potentiel de d\u00e9veloppement \u00e0 Es Capdella"},"content":{"rendered":"","protected":false},"author":3,"template":"","meta":{"footnotes":""},"class_list":["post-775","properties","type-properties","status-publish","hentry","status-guide-price","type-villa","amenities-countryside-views","amenities-landscaped-gardens","amenities-mountain-views","amenities-multiple-terraces","amenities-natural-stone-walling","amenities-peaceful-with-nature","amenities-plot-with-building-license","amenities-pool-terraces","amenities-swimming-pool","amenities-tranquil-surroundings","location-es-capdella"],"acf":{"ref":"VA1019","sale_info":{"status":14,"type":41,"price":3690000,"featured":false,"banner":"default"},"property_info":{"bedrooms":4,"bathrooms":5,"kitchen":1,"plot":1.794,"property":412,"pool":true,"amenities":[94,259,168,260,76,228,109,56,261,262],"location":258,"latitude":39.580076,"longitude":2.468613,"content":"<h2>Une r\u00e9sidence contemporaine spacieuse et lumineuse avec des jardins et un terrain \u00e0 b\u00e2tir dans un village de campagne pittoresque.<\/h2>\r\n&nbsp;\r\n\r\nCette propri\u00e9t\u00e9 constitue une habitation exquise dans un charmant village entour\u00e9 de certains des paysages les plus enchanteurs de Majorque, tout en \u00e9tant \u00e0 seulement 15 minutes de route de Palma. Con\u00e7ue en forme de L, elle pr\u00e9sente un style architectural moderne avec une cour et de beaux jardins orn\u00e9s d'une flore m\u00e9diterran\u00e9enne, de pelouses et d'une grande piscine.\r\n\r\nLe salon, la salle \u00e0 manger et la cuisine sont des espaces ouverts et bien \u00e9clair\u00e9s, dot\u00e9s de parquets et de nombreuses fen\u00eatres. Offrant un cadre exceptionnel pour la vie de famille, la maison offre des vues captivantes sur les for\u00eats et les montagnes depuis presque toutes les pi\u00e8ces.\r\n\r\nUne chambre et une salle de bains se trouvent au rez-de-chauss\u00e9e, tandis que le niveau sup\u00e9rieur comprend trois autres chambres et salles de bains, dont une impressionnante chambre principale. La propri\u00e9t\u00e9 est accompagn\u00e9e d'un terrain adjacent, pour lequel un permis de construire une maison d'h\u00f4tes a \u00e9t\u00e9 demand\u00e9, ce qui ajoute un potentiel d'investissement important.\r\n\r\nAu-del\u00e0 de ses perspectives financi\u00e8res, cette r\u00e9sidence est aussi une maison charmante dans un village pittoresque avec une communaut\u00e9 internationale dynamique.","gallery":[1438,1437,1439,1436,1440,1441,1443,1444,1445,1446,1447,1448,1449,1450,1451,1452,1453,1454,1455,1456,1457,1458,1459,1460,1461,1462,1463,1464,1465,1467,1468],"video_tour":""},"layout":[{"acf_fc_layout":"slider","custom_images":false,"custom_slider":null,"height":700},{"acf_fc_layout":"features","custom_title":false,"image_button":false,"image":null,"title":"","info":[{"info_select":"ref"},{"info_select":"price"},{"info_select":"location"},{"info_select":"bedrooms"},{"info_select":"bathrooms"},{"info_select":"plot"},{"info_select":"property"},{"info_select":"features"}]},{"acf_fc_layout":"double_image","image_1":1440,"image_2":1466},{"acf_fc_layout":"property_text_area","custom_text":false,"content":""},{"acf_fc_layout":"call_to_action","coloured_background":true,"title":"Superbe villa dans un village charmant entour\u00e9 de paysages captivants","content":"Outre son potentiel \u00e9conomique, cette belle maison constitue \u00e9galement une r\u00e9sidence attrayante dans un village pittoresque caract\u00e9ris\u00e9 par une communaut\u00e9 internationale anim\u00e9e.","button_text":"Arrange Your Viewing","button_link":"https:\/\/vonandersonrealestate.com\/contact-us\/"},{"acf_fc_layout":"full_width_image","image":1470,"fixed":true,"height":700},{"acf_fc_layout":"Full_width_image_text","flip_text_image":false,"coloured":false,"button":false,"title":"Es Capdell\u00e0 est un village de montagne pittoresque nich\u00e9 dans la cha\u00eene de montagnes de Tramuntana.","content":"Il est id\u00e9alement situ\u00e9 entre les grandes villes de Calvi\u00e0 et d'Andratx, dans le sud-ouest de l'\u00eele, et est immerg\u00e9 dans la nature.\r\n\r\n \r\n\r\nCette propri\u00e9t\u00e9 n'est qu'\u00e0 30 minutes de route de l'a\u00e9roport.\r\n\r\nVillages de montagne 15 \u00e0 30 minutes\r\n\r\nVillage d'Andratx \u00e0 15 minutes\r\n\r\nPort d' Andratx 20 mins\r\n\r\nPuerto Portals Marina 25 mins\r\n\r\nPlage la plus proche 20 mins\r\n\r\nPeguera 20 mins\r\n\r\nTerrain de golf le plus proche 20 mins\r\n\r\nCentre ville de Palma 30 mins","image":1473,"repeater_button":null},{"acf_fc_layout":"map","split":false,"flip":false,"title":"","content":""},{"acf_fc_layout":"image-text-pair","flip_text_image":true,"coloured":true,"button":true,"video_image":"image","title":"Propri\u00e9t\u00e9 alternative en vedette","content":"R\u00e9sidence villa \u00e0 couper le souffle dans la prestigieuse communaut\u00e9 de Bendinat","image":1469,"video":null,"button_text":"Discover More","button_link":"https:\/\/vonandersonrealestate.com\/","button_style":"green-border"}]},"_links":{"self":[{"href":"https:\/\/vonandersonrealestate.com\/fr\/wp-json\/wp\/v2\/properties\/775","targetHints":{"allow":["GET"]}}],"collection":[{"href":"https:\/\/vonandersonrealestate.com\/fr\/wp-json\/wp\/v2\/properties"}],"about":[{"href":"https:\/\/vonandersonrealestate.com\/fr\/wp-json\/wp\/v2\/types\/properties"}],"author":[{"embeddable":true,"href":"https:\/\/vonandersonrealestate.com\/fr\/wp-json\/wp\/v2\/users\/3"}],"version-history":[{"count":0,"href":"https:\/\/vonandersonrealestate.com\/fr\/wp-json\/wp\/v2\/properties\/775\/revisions"}],"wp:attachment":[{"href":"https:\/\/vonandersonrealestate.com\/fr\/wp-json\/wp\/v2\/media?parent=775"}],"curies":[{"name":"wp","href":"https:\/\/api.w.org\/{rel}","templated":true}]}}